{"id":789,"date":"2014-03-04T17:49:29","date_gmt":"2014-03-04T16:49:29","guid":{"rendered":"http:\/\/my-alps.de\/?page_id=789"},"modified":"2014-05-04T23:31:23","modified_gmt":"2014-05-04T21:31:23","slug":"bimobil-vl-326","status":"publish","type":"page","link":"http:\/\/my-alps.de\/?page_id=789","title":{"rendered":"BIMOBIL VL 326"},"content":{"rendered":"<p>F\u00fcr Interessierte stelle ich mal ein paar Fakten von unserem mobilen Heim zu Verf\u00fcgung. Eventuell tr\u00e4gt sich ja jemand mit dem Gedanken auch f\u00fcr l\u00e4ngere Zeit mit dem WOMO zu verreisen.<\/p>\n<div id=\"attachment_972\" style=\"width: 1034px\" class=\"wp-caption aligncenter\"><a href=\"https:\/\/i0.wp.com\/my-alps.de\/wp-content\/uploads\/2014\/04\/Bimobil-und-Vulkan-Osorno.jpg\"><img aria-describedby=\"caption-attachment-972\" data-attachment-id=\"972\" data-permalink=\"http:\/\/my-alps.de\/?attachment_id=972\" data-orig-file=\"https:\/\/i0.wp.com\/my-alps.de\/wp-content\/uploads\/2014\/04\/Bimobil-und-Vulkan-Osorno.jpg?fit=1024%2C683\" data-orig-size=\"1024,683\" data-comments-opened=\"1\" data-image-meta=\"{&quot;aperture&quot;:&quot;11&quot;,&quot;credit&quot;:&quot;&quot;,&quot;camera&quot;:&quot;SLT-A99V&quot;,&quot;caption&quot;:&quot;&quot;,&quot;created_timestamp&quot;:&quot;1396289377&quot;,&quot;copyright&quot;:&quot;&quot;,&quot;focal_length&quot;:&quot;55&quot;,&quot;iso&quot;:&quot;100&quot;,&quot;shutter_speed&quot;:&quot;0.008&quot;,&quot;title&quot;:&quot;&quot;}\" data-image-title=\"Bimobil und Vulkan Osorno\" data-image-description=\"&lt;p&gt;Bimobil und Vulkan Osorno&lt;\/p&gt;\n\" data-image-caption=\"&lt;p&gt;Bimobil und Vulkan Osorno&lt;\/p&gt;\n\" data-medium-file=\"https:\/\/i0.wp.com\/my-alps.de\/wp-content\/uploads\/2014\/04\/Bimobil-und-Vulkan-Osorno.jpg?fit=300%2C200\" data-large-file=\"https:\/\/i0.wp.com\/my-alps.de\/wp-content\/uploads\/2014\/04\/Bimobil-und-Vulkan-Osorno.jpg?fit=625%2C417\" loading=\"lazy\" class=\"size-full wp-image-972\" alt=\"Bimobil und Vulkan Osorno\" src=\"https:\/\/i0.wp.com\/my-alps.de\/wp-content\/uploads\/2014\/04\/Bimobil-und-Vulkan-Osorno.jpg?resize=625%2C417\" width=\"625\" height=\"417\" srcset=\"https:\/\/i0.wp.com\/my-alps.de\/wp-content\/uploads\/2014\/04\/Bimobil-und-Vulkan-Osorno.jpg?w=1024 1024w, https:\/\/i0.wp.com\/my-alps.de\/wp-content\/uploads\/2014\/04\/Bimobil-und-Vulkan-Osorno.jpg?resize=300%2C200 300w\" sizes=\"(max-width: 625px) 100vw, 625px\" data-recalc-dims=\"1\" \/><\/a><p id=\"caption-attachment-972\" class=\"wp-caption-text\">Bimobil und Vulkan Osorno<\/p><\/div>\n<p>Und gute Tipps kann man(n) ja immer gut gebrauchen.<\/p>\n<p>Wie ich auf unserer Startseite schon geschrieben hatte,<br \/>\nsind wir bei einem BIMOBIL gelandet.<\/p>\n<div id=\"attachment_1105\" style=\"width: 1034px\" class=\"wp-caption aligncenter\"><a href=\"https:\/\/i0.wp.com\/my-alps.de\/wp-content\/uploads\/2014\/03\/BIMOBIL-Stupsi.jpg\"><img aria-describedby=\"caption-attachment-1105\" data-attachment-id=\"1105\" data-permalink=\"http:\/\/my-alps.de\/?attachment_id=1105\" data-orig-file=\"https:\/\/i0.wp.com\/my-alps.de\/wp-content\/uploads\/2014\/03\/BIMOBIL-Stupsi.jpg?fit=1024%2C683\" data-orig-size=\"1024,683\" data-comments-opened=\"1\" data-image-meta=\"{&quot;aperture&quot;:&quot;5.6&quot;,&quot;credit&quot;:&quot;&quot;,&quot;camera&quot;:&quot;SLT-A77V&quot;,&quot;caption&quot;:&quot;&quot;,&quot;created_timestamp&quot;:&quot;1398871150&quot;,&quot;copyright&quot;:&quot;&quot;,&quot;focal_length&quot;:&quot;28&quot;,&quot;iso&quot;:&quot;100&quot;,&quot;shutter_speed&quot;:&quot;0.003125&quot;,&quot;title&quot;:&quot;&quot;}\" data-image-title=\"BIMOBIL &#8211; Stupsi\" data-image-description=\"&lt;p&gt;BIMOBIL &#8211; Stupsi&lt;\/p&gt;\n\" data-image-caption=\"&lt;p&gt;BIMOBIL &#8211; Stupsi&lt;\/p&gt;\n\" data-medium-file=\"https:\/\/i0.wp.com\/my-alps.de\/wp-content\/uploads\/2014\/03\/BIMOBIL-Stupsi.jpg?fit=300%2C200\" data-large-file=\"https:\/\/i0.wp.com\/my-alps.de\/wp-content\/uploads\/2014\/03\/BIMOBIL-Stupsi.jpg?fit=625%2C417\" loading=\"lazy\" class=\"size-full wp-image-1105\" alt=\"BIMOBIL - Stupsi\" src=\"https:\/\/i0.wp.com\/my-alps.de\/wp-content\/uploads\/2014\/03\/BIMOBIL-Stupsi.jpg?resize=625%2C417\" width=\"625\" height=\"417\" srcset=\"https:\/\/i0.wp.com\/my-alps.de\/wp-content\/uploads\/2014\/03\/BIMOBIL-Stupsi.jpg?w=1024 1024w, https:\/\/i0.wp.com\/my-alps.de\/wp-content\/uploads\/2014\/03\/BIMOBIL-Stupsi.jpg?resize=300%2C200 300w\" sizes=\"(max-width: 625px) 100vw, 625px\" data-recalc-dims=\"1\" \/><\/a><p id=\"caption-attachment-1105\" class=\"wp-caption-text\">BIMOBIL &#8211; Stupsi<\/p><\/div>\n<p>Wir hatten auch andere fahrbare Unters\u00e4tze in Betracht gezogen &#8211; jedoch sind wir mittlerweile froh genau dieses WOMO zu besitzen.<\/p>\n<p>Die Gr\u00fcnde daf\u00fcr?<br \/>\n&#8211; Es ist nicht zu gro\u00df und hat einen Alkoven &#8211; das war uns wichtig, da wir haupts\u00e4chlich oben schlafen und tags\u00fcber den Raum noch als zus\u00e4tzliche Gep\u00e4ckablage verwenden.<\/p>\n<p><span style=\"line-height: 1.5;\">&#8211; Es hat einen kleinen Toilettenraum mit Dusche<br \/>\n<\/span><span style=\"line-height: 1.5;\">&#8211; Es verf\u00fcgt \u00fcber ausreichend Stauraum<\/span><\/p>\n<p>&#8211; und es ist einfach SEHR stabil gebaut &#8211;<\/p>\n<p>die Kabinen von BIMOBIL sind wirklich ihr Geld wert &#8211; auch wenn\u2019s im Geldbeutel sehr wehtut wenn man das neu kaufen muss!<br \/>\nUnser Auto hatten wir ja gebraucht gekauft und der VL 326 von BIMOBIL ist nicht optimal f\u00fcr Langzeitreisen<br \/>\n(von der gesamten Ausstattung her) ausgelegt.<br \/>\nDeshalb haben wir einige Modifikationen und Erg\u00e4nzungen vorgenommen. (und einen Sommer lang Umbau)<\/p>\n<div id=\"attachment_1104\" style=\"width: 1034px\" class=\"wp-caption aligncenter\"><a href=\"https:\/\/i0.wp.com\/my-alps.de\/wp-content\/uploads\/2014\/03\/Wellness-Sitzecke.jpg\"><img aria-describedby=\"caption-attachment-1104\" data-attachment-id=\"1104\" data-permalink=\"http:\/\/my-alps.de\/?attachment_id=1104\" data-orig-file=\"https:\/\/i0.wp.com\/my-alps.de\/wp-content\/uploads\/2014\/03\/Wellness-Sitzecke.jpg?fit=1024%2C768\" data-orig-size=\"1024,768\" data-comments-opened=\"1\" data-image-meta=\"{&quot;aperture&quot;:&quot;1.8&quot;,&quot;credit&quot;:&quot;&quot;,&quot;camera&quot;:&quot;DSC-RX100&quot;,&quot;caption&quot;:&quot;&quot;,&quot;created_timestamp&quot;:&quot;1373057947&quot;,&quot;copyright&quot;:&quot;&quot;,&quot;focal_length&quot;:&quot;10.4&quot;,&quot;iso&quot;:&quot;125&quot;,&quot;shutter_speed&quot;:&quot;0.033333333333333&quot;,&quot;title&quot;:&quot;&quot;}\" data-image-title=\"Wellness-Sitzecke\" data-image-description=\"&lt;p&gt;Wellness-Sitzecke&lt;\/p&gt;\n\" data-image-caption=\"&lt;p&gt;Wellness-Sitzecke&lt;\/p&gt;\n\" data-medium-file=\"https:\/\/i0.wp.com\/my-alps.de\/wp-content\/uploads\/2014\/03\/Wellness-Sitzecke.jpg?fit=300%2C225\" data-large-file=\"https:\/\/i0.wp.com\/my-alps.de\/wp-content\/uploads\/2014\/03\/Wellness-Sitzecke.jpg?fit=625%2C469\" loading=\"lazy\" class=\"size-full wp-image-1104\" alt=\"Wellness-Sitzecke\" src=\"https:\/\/i0.wp.com\/my-alps.de\/wp-content\/uploads\/2014\/03\/Wellness-Sitzecke.jpg?resize=625%2C469\" width=\"625\" height=\"469\" srcset=\"https:\/\/i0.wp.com\/my-alps.de\/wp-content\/uploads\/2014\/03\/Wellness-Sitzecke.jpg?w=1024 1024w, https:\/\/i0.wp.com\/my-alps.de\/wp-content\/uploads\/2014\/03\/Wellness-Sitzecke.jpg?resize=300%2C225 300w\" sizes=\"(max-width: 625px) 100vw, 625px\" data-recalc-dims=\"1\" \/><\/a><p id=\"caption-attachment-1104\" class=\"wp-caption-text\">Wellness-Sitzecke<\/p><\/div>\n<p>Hier einmal die Fakten:<\/p>\n<p><span style=\"text-decoration: underline;\">\u00a0Unterbau:<\/span><\/p>\n<p>Das Fahrgestell ist ein VW T5 &#8211; Baujahr 2005 &#8211;<br \/>\naufgelastet auf 3,5 to &#8211; 4 motion<\/p>\n<p>\u00c4nderungen und Erg\u00e4nzungen:<\/p>\n<p>Da schon eine Luftfederung f\u00fcr die Hinterachse verbaut war, bestand hier nur Bedarf an einer Erh\u00f6hung der Montageplatte f\u00fcr die Luftfedern und verst\u00e4rkten Bilstein Sto\u00dfd\u00e4mpfern von SEIKEL.<br \/>\nDie Vorderachse hat ebenfalls ein SEIKEL &#8211; Paket -HD Maxi spendiert bekommen.<br \/>\nDadurch wurde das Fahrwerk schon mal um ca. 35 mm h\u00f6her gelegt.<br \/>\nMit den Reifen habe ich lange gez\u00f6gert und endlos im Internet gest\u00f6bert bis ich den richtigen gefunden habe.<br \/>\nWir fahren einen BF-GOODRICH \/ ALL TERRAIN T-A 115\/112<br \/>\nmit den Abmessungen 225 x 75 x 16<br \/>\n16 Zoll deshalb, weil wir 8 Alufelgen mit \u00fcbernommen haben die eingetragen worden sind und eine super Tragf\u00e4higkeit besitzen.<\/p>\n<p>Die Tragkraft ist 1.200 Kg pro Reifen bei 80 Psi.<br \/>\n(Ziemlich hoher Luftdruck)<\/p>\n<p>Durch den gr\u00f6\u00dferen Reifen (anderes H\u00f6henverh\u00e4ltnis) bekommen wir nochmals ca. 35 mm Bodenfreiheit.<\/p>\n<p>Ich h\u00e4tte gerne einen breiteren Reifen montiert, aber die Wohnkabine vom VL 326 ist fest auf dem Fahrgestell montiert &#8211; dadurch wurden \u201eRadk\u00e4sten\u201c im Kabinenboden ausgebildet, in welche die Reifen eintauchen. Es w\u00e4re zwar theoretisch noch seitlich Platz gewesen, aber bei Schlamm und Dreck setzt sich das dann zu schnell zu.<br \/>\nAls Ersatz sind auf unserem Hecktr\u00e4ger zwei komplette R\u00e4der montiert.<\/p>\n<p>Mit den Reifen sind wir total zufrieden, man sieht ihn hier in S\u00fcdamerika auf vielen Fahrzeugen (vor allem Pick-Up\u2019s), er f\u00e4hrt sich zwar etwas schwammig auf Asphalt, aber auf Schotter ist er richtig gut! Vor allem die Haltbarkeit ist toll. Der Abrieb h\u00e4lt sich in Grenzen.<br \/>\nUnd das gute Profil hat uns, zusammen mit dem Allrad, schon an einem Regentag auf einer aufgeweichten Erdpiste vor dem Steckenbleiben gerettet.<\/p>\n<p>Motor und Antrieb<\/p>\n<p>2.5 Liter Dieselmotor &#8211; kein Chiptuning &#8211; mit 130 PS<\/p>\n<p>4-Motion<br \/>\nDer Motor hat keinen Zahnriemen sondern eine Kettensteuerung.<br \/>\nSomit ist der Motor robust und auf einen Dieselpartikelfilter hat man auch verzichtet.<br \/>\nDen m\u00fcsste man hier bei dem minderwertigen Diesel n\u00e4mlich ausbauen, da er sonst eh\u2019 nach ein paar tausend Kilometern kaputt ist. Es gibt daf\u00fcr sogar in Deutschland eine Werkstatt, die sich darauf spezialisiert hat den DieselKAT zu zerlegen und den Motor umzuprogrammieren. Wir haben in Argentinien einen VW-Bus Fahrer getroffen, der hat sich bei seinem nagelneuen T5 (kein halbes Jahr alt!) , das nachtr\u00e4glich machen lassen. Der Sprit hier in S\u00fcdamerika ist teilweise nur mit erh\u00f6htem Schwefelgehalt und viel Paraffin zu bekommen. Nebeneffekt ohne Partikelfilter &#8211; weniger Spritverbrauch und mehr Leistung.<br \/>\nIch habe mir beim D\u00c4RR &#8211; Expeditionsservice in M\u00fcnchen ein Additiv f\u00fcr\u2019s \u00d6l besorg, das den erh\u00f6hten Schwefelgehalt im Diesel neutralisiert und die \u00d6lwechselintervalle verl\u00e4ngert. In Argentinien gibt es bereits an vielen Tankstellen Euro-Diesel &#8211; steht jedenfalls auf der Zapfs\u00e4ule. Aber ich habe trotzdem 250 ml Additiv den 7 Litern Motor\u00f6l beigef\u00fcgt. Bis jetzt keine negativen Auswirkungen beim Sprit- oder \u00d6lverbrauch.<\/p>\n<p>Zus\u00e4tzlich haben wir uns noch einen zweiten Dieselfilter mit Wasserabscheider von SEIKEL einbauen lassen.<\/p>\n<p>Wie oben geschrieben haben unsere Reifen einen gr\u00f6\u00dferen Abrollumfang als die alten. Erst wollte ich das Getriebe nicht \u00e4ndern lassen &#8211; aber als wir mal eine Testfahrt mit voller Beladung simuliert hatten &#8211; na was soll ich sagen, den 6. Gang hat man nicht mehr brauchen k\u00f6nnen, weil der Motor st\u00e4ndig unter die Turbodrehzahl abgesunken ist. Also haben wir uns bei SEIKEL noch das ge\u00e4nderte Getriebe geg\u00f6nnt. &#8211; Auch diese Entscheidung war richtig, denn bei dem heftigen Gegenwind hier kann man eh nur 90 km\/h schnell fahren &#8211; wenn \u00fcberhaupt. Und da macht sich das verk\u00fcrzte Getriebe richtig bemerkbar. Auch auf den steilen Rampen bei Schotter kann man gef\u00fchlvoller anfahren. Und die H\u00f6chstgeschwindigkeit? Unser WOMO hat den cw-Wert eines Schuhkartons &#8211; H\u00f6chstgeschwindigkeit ist maximal 110 km\/h &#8211; dann hat man(n) eh\u2019 Angst von der Stra\u00dfe zu schweben<br \/>\n(der Alkoven ist eine prima Tragfl\u00e4che).<\/p>\n<p>Wasser<br \/>\n<span style=\"line-height: 1.5;\">Unser Hauptwassertank fasst knapp 100 Liter,<br \/>\nnicht \u00fcppig, aber es reicht.<\/span><\/p>\n<p>In der Dusche ist noch ein Eck f\u00fcr einen 20 Liter Reservekanister frei gewesen.<\/p>\n<p>F\u00fcr einen extra Trinkwassertank war kein Platz mehr, also habe ich den Stauraum unter der Sitzbank komplett umgebaut. Zwei Ebenen zus\u00e4tzlich eingezogen, damit 3 Boxen mit Kleinzeug nebeneinander Platz haben. Dabei konnte ich den Platz so aufteilen, das f\u00fcr einen schmalen 13 Liter Wasserkanister Platz war. Neben dem Wasserhahn vom Haupttank habe ich dann einen kleinen extra Hahn mit einer Tauchpumpe eingebaut. So k\u00f6nnen wir die gro\u00dfen 6,5 Liter Wasserflaschen hier im Supermarkt kaufen, einf\u00fcllen und immer frisches Trinkwasser zapfen. Klappt prima und man hat nicht endlos viele Plastikflaschen im Auto herumliegen.<\/p>\n<p>Zum Duschen (in warmen Gegenden) habe ich auf dem Dach einen schwarzen 40 Liter Abwassertank festgeschraubt &#8211; am Tag heizt sich das Wasser darin auf (kann ich nach Bedarf aus dem Reservekanister hochpumpen). Und Abends hat man Dank der Schwerkraft eine feine warme Dusche. So kommen wir locker eine Woche autark mit Wasser aus.<\/p>\n<p>&nbsp;<\/p>\n<p>Energie<br \/>\nStrom:<\/p>\n<p>Erst einmal habe ich alle Leuchten gegen LED Leuchten getauscht.<br \/>\nWas damit an Strom eingespart wird<br \/>\n(gegen\u00fcber den Serienleuchten)\u00a0ist gro\u00dfartig.<br \/>\nAuf dem Dach waren schon zwei Solarzellen verbaut. Die haben wir so gelassen und nichts daran ge\u00e4ndert. Die Batterien habe ich getauscht. F\u00fcr den Wohnbereich zwei AGM &#8211; Blue Top &#8211; Gel Batterien mit jeweils 75 Ah, und f\u00fcr den Motor eine 95 Ah Starterbatterie. An der verbauten Elektrik mit Lade- und Solarregler habe ich auch nichts ge\u00e4ndert. Nur einen kleinen Batteriecomputer mit digitaler Anzeige \u00fcber die jeweiligen Verbr\u00e4uche habe ich noch hinter das kleine Brett (das hier hochgeklappt ist) eingebaut.<\/p>\n<div id=\"attachment_1106\" style=\"width: 778px\" class=\"wp-caption aligncenter\"><a href=\"https:\/\/i0.wp.com\/my-alps.de\/wp-content\/uploads\/2014\/03\/Powerschrank.jpg\"><img aria-describedby=\"caption-attachment-1106\" data-attachment-id=\"1106\" data-permalink=\"http:\/\/my-alps.de\/?attachment_id=1106\" data-orig-file=\"https:\/\/i0.wp.com\/my-alps.de\/wp-content\/uploads\/2014\/03\/Powerschrank.jpg?fit=768%2C1024\" data-orig-size=\"768,1024\" data-comments-opened=\"1\" data-image-meta=\"{&quot;aperture&quot;:&quot;1.8&quot;,&quot;credit&quot;:&quot;&quot;,&quot;camera&quot;:&quot;DSC-RX100&quot;,&quot;caption&quot;:&quot;&quot;,&quot;created_timestamp&quot;:&quot;1373042909&quot;,&quot;copyright&quot;:&quot;&quot;,&quot;focal_length&quot;:&quot;10.4&quot;,&quot;iso&quot;:&quot;250&quot;,&quot;shutter_speed&quot;:&quot;0.033333333333333&quot;,&quot;title&quot;:&quot;&quot;}\" data-image-title=\"Powerschrank\" data-image-description=\"&lt;p&gt;Powerschrank&lt;\/p&gt;\n\" data-image-caption=\"&lt;p&gt;Powerschrank&lt;\/p&gt;\n\" data-medium-file=\"https:\/\/i0.wp.com\/my-alps.de\/wp-content\/uploads\/2014\/03\/Powerschrank.jpg?fit=225%2C300\" data-large-file=\"https:\/\/i0.wp.com\/my-alps.de\/wp-content\/uploads\/2014\/03\/Powerschrank.jpg?fit=625%2C833\" loading=\"lazy\" class=\"size-full wp-image-1106\" alt=\"Powerschrank\" src=\"https:\/\/i0.wp.com\/my-alps.de\/wp-content\/uploads\/2014\/03\/Powerschrank.jpg?resize=625%2C833\" width=\"625\" height=\"833\" srcset=\"https:\/\/i0.wp.com\/my-alps.de\/wp-content\/uploads\/2014\/03\/Powerschrank.jpg?w=768 768w, https:\/\/i0.wp.com\/my-alps.de\/wp-content\/uploads\/2014\/03\/Powerschrank.jpg?resize=225%2C300 225w\" sizes=\"(max-width: 625px) 100vw, 625px\" data-recalc-dims=\"1\" \/><\/a><p id=\"caption-attachment-1106\" class=\"wp-caption-text\">Powerschrank<\/p><\/div>\n<p>Der K\u00fchlschrank wurde vom Vorbesitzer bereits vom 12 Volt Netz so angeschlossen, das er NUR bei laufendem Motor Strom ziehen kann. Entladen durch vergessen ist somit ausgeschlossen!<br \/>\nAuch diese Kombination macht uns komplett von einem Campingplatz unabh\u00e4ngig.<br \/>\nDurch den 2.000 Watt Wechselrichter (bei dem der automatische Umschalter noch zu Hause, ein paar Tage vor der Abfahrt, kaputt gegangen ist) k\u00f6nnen wir den Laptop und die Akkus f\u00fcr die Kameras jederzeit aufladen. Wenn die Sonne scheint, reicht der Ladestrom der Solarzellen f\u00fcr den Laptop, zwei Foto-Akkus und das Ipad aus. 220 Volt auf dem Campingplatz zu haben ist sch\u00f6n &#8211; aber kein Muss!<\/p>\n<p>Gas:<\/p>\n<p>Die beiden normalen Gasflaschen wurden gegen zwei ALU-GAS &#8211; Flaschen getauscht. Die beiden neuen sind fest eingebaut und wirken somit wie ein Gastank. Zum Auff\u00fcllen an der Tankstelle mit GPL ist aussen ein Messingadapter angebracht, an den der Tankr\u00fcssel aufgeschraubt wird. Hat zu Hause prima funktioniert &#8211; und hier in Chile in Punta Arenas ebenfalls &#8211; mit dem gleichen Adapter wie in Deutschland! 12 KG Gas getankt und ohne Probleme! Eine Flaschenf\u00fcllung reicht gut und gerne 2 Monate und dann kann man wieder mal Gastanken in\u2019s Auge fassen. Falls kein GPL mehr verf\u00fcgbar sein sollte habe ich noch Flaschenadapter f\u00fcr Propangasf\u00fcllstationen dabei. Mal sehen ob wir die irgendwann brauchen.<\/p>\n<p>&nbsp;<\/p>\n<p>Mit diesen Modifikationen ist unser WOMO &#8211; und nat\u00fcrlich auch wir &#8211; komplett autark.<\/p>\n<p>Wir k\u00f6nnen ohne weiteres eine Woche in der Pampa stehen. Da wir meistens nach ein paar Tagen weiterfahren werden die Batterien auch wieder \u00fcber die Lichtmaschine komplett aufgeladen falls die Sonne mal nicht scheint. (kommt aber zur Zeit nur Nachts vor)<\/p>\n<p>Fazit:<\/p>\n<p>Alles richtig gemacht!<br \/>\nUnd wer sich mit dem Gedanken tr\u00e4gt so eine Langzeitreise zu machen &#8211; die Fahrzeuge von BIMOBIL sollte man auf alle F\u00e4lle<br \/>\nin die engere Wahl ziehen! Wir sind mit unserem WOMO,<br \/>\ndas ja schon einige Jahre auf dem Buckel hat, absolut zufrieden.<br \/>\nDie Erfahrung die die Fa. BIMOBIL hat sind eben ihr Geld wert.<br \/>\nWie gesagt, wenn man sich das neu kaufen muss &#8211; es tut weh,<br \/>\nin der Reisekasse, aber wie sind mittlerweile (Stand Mai 2014)<br \/>\neinige 1.000 km Schotterpisten in Chile und Argentinien gefahren<br \/>\nund es hat sich keine, aber auch keine einzige Verbindung der<br \/>\nM\u00f6blierung gel\u00f6st. Die einzigen Probleme die wir bis jetzt hatten<br \/>\nwaren ein defekter Sto\u00dfd\u00e4mpfer, ein abgefahrener Spiegel und eine<br \/>\nzertr\u00fcmmerte (durch einen Vogel) Scheibe im Alkoven.<br \/>\nNun (Ende April 2014) hat das Steuerger\u00e4t der Haldexkupplung<br \/>\nseinen Geist aufgegeben. Ist in Deutschland bestellt und wird via<br \/>\nDHL nach Chile geliefert.<\/p>\n<p>Alles kein Problem, ich werde \u00fcber den Einbau berichten.<\/p>\n<p>Trotzdem:<\/p>\n<p>Was w\u00fcrde ich beim n\u00e4chsten WOMO anders machen?<\/p>\n<p>Zuerst das Fahrgestell \u00e4ndern, der VW Bus mit dem 4 motion<br \/>\nAntrieb und den 130 PS reicht aus um die Kabine des VL 326<br \/>\nproblemlos und bequem durch die Gegend zu fahren.<br \/>\nAber die Bodenfreiheit und die fehlenden Differenzialsperren<br \/>\nlassen uns manchmal schon ein wenig zittern, wenn wir mal wieder durch einen Flu\u00df fahren m\u00fcssen. Hier w\u00e4re meine Wahl ein<br \/>\nIVECO<br \/>\noder ein<br \/>\nSPRINTER mit IGLHAUT &#8211; Fahrwerk.<\/p>\n<p>Bei der Kabine w\u00fcrde ich mir etwas mehr Stauraum w\u00fcnschen,<br \/>\nund keine unn\u00f6tigen Klappen und \u00d6ffnungen.<br \/>\n(Unsere VL 326 hat eine gro\u00dfe Heckklappe die f\u00fcr einen 14-t\u00e4gigen Italienurlaub bestimmt\u00a0ihren Zweck erf\u00fcllt,<br \/>\naber auf einer Langzeitreise nicht n\u00f6tig ist.)<br \/>\nHier stellt sich n\u00e4mlich\u00a0das Tauwasserproblem heraus, das bei der feuchten Witterung\u00a0in Chile und in den Anden nicht unerheblich ist.<br \/>\nWir r\u00e4umen,\u00a0wenn es \u00a0m\u00f6glich ist immer alles mal um, damit wir\u00a0kein Schimmelproblem bekommen.<br \/>\nBei der Matratze und dem Lattenrost w\u00fcrde ich einen Hebel<br \/>\neinbauen um jeden Tag unter der Matratze l\u00fcften zu k\u00f6nnen.<br \/>\n(Wir stellen unseren Duschrost den wir uns als W\u00fcrffelgr\u00e4ting<br \/>\naus dem Yachtbau besorgt haben unter &#8211; funktioniert super)<br \/>\nIch w\u00fcrde viel mehr Teile aus dem Yachtbau in den Ausbau eines<br \/>\nLangzeit-Reisemobils investieren &#8211; was in Salzwasserumgebung<br \/>\ngut funktioniert kann wirklich nicht schlecht sein.<\/p>\n<p>Die Zug\u00e4nglichkeit der einzelnen elektrischen Bauteile und die<br \/>\nder Heizung w\u00fcrde ich auch \u00e4ndern lassen. (ich habe mal versucht<br \/>\ndie Sicherung aus der TRUMA Heizung auszuwechseln &#8211; das Schlauchgewirr hat mich beinahe verr\u00fcckt gemacht.)<\/p>\n<p>Ansonsten &#8211; reicht die Gr\u00f6\u00dfe f\u00fcr zwei Personen aus.<br \/>\nEin Grundriss mit Bett und Bad hinten, Doppelsitzbank<br \/>\nund K\u00fcchenzeile gegen\u00fcber, gut verschlie\u00dfbarer Durchgang<br \/>\nzum Fahrerhaus und sinnvolle Stauf\u00e4cher.<br \/>\nUnd &#8211; gute Fenster und eine stabile T\u00fcr &#8211; fertig.<br \/>\nDamit kann Man(n) und Frau locker ein Jahr verreisen.<\/p>\n","protected":false},"excerpt":{"rendered":"<p>F\u00fcr Interessierte stelle ich mal ein paar Fakten von unserem mobilen Heim zu Verf\u00fcgung. Eventuell tr\u00e4gt sich ja jemand mit dem Gedanken auch f\u00fcr l\u00e4ngere Zeit mit dem WOMO zu verreisen. Und gute Tipps kann man(n) ja immer gut gebrauchen. Wie ich auf unserer Startseite schon geschrieben hatte, sind wir bei einem BIMOBIL gelandet. Wir [&hellip;]<\/p>\n","protected":false},"author":1,"featured_media":0,"parent":664,"menu_order":0,"comment_status":"open","ping_status":"open","template":"","meta":{"spay_email":""},"jetpack_sharing_enabled":true,"jetpack_shortlink":"https:\/\/wp.me\/P6huce-cJ","jetpack-related-posts":[{"id":664,"url":"http:\/\/my-alps.de\/?page_id=664","url_meta":{"origin":789,"position":0},"title":"Daten und Technik","date":"6. Februar 2014","format":false,"excerpt":"Ich muss mal hier eine Lanze f\u00fcr den Herrn Liebe von BIMOBIL brechen. Wir r\u00fctteln und sch\u00fctteln unser WOMO auf \u00fcbeln Schotterpisten herum - doch die gesamte Einrichtung sitzt immer noch bombenfest. Da w\u00e4hren meine beiden vorhergehenden VW-Busse schon auseinandergefallen. Wir haben ja fast ein ganzes Jahr an den Wochenenden\u2026","rel":"","context":"\u00c4hnlicher Beitrag","img":{"alt_text":"","src":"","width":0,"height":0},"classes":[]},{"id":1203,"url":"http:\/\/my-alps.de\/?page_id=1203","url_meta":{"origin":789,"position":1},"title":"&#8230;wir, der Grund und unser WOMO","date":"4. Juni 2014","format":false,"excerpt":"\u00a0 Hallo - und ein herzliches \"Servus\" auf unserer Homepage die unsere Verbindung nach \"Zu Hause\" bleiben soll. Wir beide haben uns entschlossen dem regul\u00e4ren Arbeitsleben in Deutschland f\u00fcr eine Weile den R\u00fccken zu kehren und unseren Traum von einer Auszeit Realit\u00e4t werden zu lassen. Und weil wir \"weg\" wollten\u2026","rel":"","context":"\u00c4hnlicher Beitrag","img":{"alt_text":"","src":"https:\/\/i0.wp.com\/my-alps.de\/wp-content\/uploads\/2013\/02\/Unser-Bimobil-genannt-Boomer.jpg?resize=350%2C200","width":350,"height":200},"classes":[]},{"id":57,"url":"http:\/\/my-alps.de\/?page_id=57","url_meta":{"origin":789,"position":2},"title":"&#8230;und &#8211; wie kommt man am Besten hin?","date":"11. Februar 2013","format":false,"excerpt":"..das ist die Frage die uns ziemlich lange besch\u00e4ftigt hat, aber, am 22.10.2013 geht es mit dem Schiff von Hamburg nach Uruguay in den Hafen von Montevideo. Wir haben ziemlich viele Reiseberichte aus dem S\u00fcdamerika Forum durchgelesen und uns \u00fcberlegt ob wir unser Wohnmobil alleine verschiffen und hinterherfliegen - oder\u2026","rel":"","context":"\u00c4hnlicher Beitrag","img":{"alt_text":"","src":"","width":0,"height":0},"classes":[]},{"id":592,"url":"http:\/\/my-alps.de\/?page_id=592","url_meta":{"origin":789,"position":3},"title":"Uruguay und Montevideo","date":"27. Januar 2014","format":false,"excerpt":"Nachdem wir in Montevideo unseren Frachter verlassen, die Zollformalit\u00e4ten erledig haben, sind wir auf einmal in S\u00fcdamerika. Das Gute daran ist das wir in Uruguay gelandet sind. Uruguay ist nicht gerade der gr\u00f6sste Staat in S\u00fcdamerika, aber ich glaube der Liebevollste. Die Menschen hier sind sehr entspannt, jeder zweite l\u00e4uft\u2026","rel":"","context":"\u00c4hnlicher Beitrag","img":{"alt_text":"","src":"","width":0,"height":0},"classes":[]},{"id":466,"url":"http:\/\/my-alps.de\/?page_id=466","url_meta":{"origin":789,"position":4},"title":"Auf See mit der Grande Cameroon","date":"17. Dezember 2013","format":false,"excerpt":"Was macht man denn 30 Tage auf einem Frachter? \u00a0 \u201eSie\u201c schreibt dazu: \u00a0 Diese Frage h\u00f6rten wir sehr oft in diesem Jahr. Ist es doch im Rahmen der normalen 30-Tage-Jahresurlaub-B\u00fcrger wie auch wir es bisher waren, UN VOR STELL BAR, derart die Zeit zu verbringen. Ich hatte damit kein\u2026","rel":"","context":"\u00c4hnlicher Beitrag","img":{"alt_text":"","src":"https:\/\/i0.wp.com\/my-alps.de\/wp-content\/uploads\/2013\/12\/Freideck.jpg?resize=350%2C200","width":350,"height":200},"classes":[]},{"id":533,"url":"http:\/\/my-alps.de\/?page_id=533","url_meta":{"origin":789,"position":5},"title":"Gaiman und die Grillmeister","date":"7. Januar 2014","format":false,"excerpt":"Gaiman - das \u00fcberrascht wir hatten nicht viel gelesen \u00fcber dieses kleine walisische \u00d6rtchen - es sollte nichts besonderes sein und nur eine Nacht als Schlafplatz dienen. Kleine walisische D\u00f6rfer sind aber irgendwie - anders. Die H\u00e4uschen sind putzig und laden alle zum Tee, und dann landen wir auf einmal\u2026","rel":"","context":"\u00c4hnlicher Beitrag","img":{"alt_text":"","src":"","width":0,"height":0},"classes":[]}],"_links":{"self":[{"href":"http:\/\/my-alps.de\/index.php?rest_route=\/wp\/v2\/pages\/789"}],"collection":[{"href":"http:\/\/my-alps.de\/index.php?rest_route=\/wp\/v2\/pages"}],"about":[{"href":"http:\/\/my-alps.de\/index.php?rest_route=\/wp\/v2\/types\/page"}],"author":[{"embeddable":true,"href":"http:\/\/my-alps.de\/index.php?rest_route=\/wp\/v2\/users\/1"}],"replies":[{"embeddable":true,"href":"http:\/\/my-alps.de\/index.php?rest_route=%2Fwp%2Fv2%2Fcomments&post=789"}],"version-history":[{"count":4,"href":"http:\/\/my-alps.de\/index.php?rest_route=\/wp\/v2\/pages\/789\/revisions"}],"predecessor-version":[{"id":1108,"href":"http:\/\/my-alps.de\/index.php?rest_route=\/wp\/v2\/pages\/789\/revisions\/1108"}],"up":[{"embeddable":true,"href":"http:\/\/my-alps.de\/index.php?rest_route=\/wp\/v2\/pages\/664"}],"wp:attachment":[{"href":"http:\/\/my-alps.de\/index.php?rest_route=%2Fwp%2Fv2%2Fmedia&parent=789"}],"curies":[{"name":"wp","href":"https:\/\/api.w.org\/{rel}","templated":true}]}}