{"id":592,"date":"2014-01-27T20:20:48","date_gmt":"2014-01-27T19:20:48","guid":{"rendered":"http:\/\/my-alps.de\/?page_id=592"},"modified":"2014-01-27T20:38:14","modified_gmt":"2014-01-27T19:38:14","slug":"uruguay-und-montevideo","status":"publish","type":"page","link":"http:\/\/my-alps.de\/?page_id=592","title":{"rendered":"Uruguay und Montevideo"},"content":{"rendered":"<p>Nachdem wir in Montevideo unseren Frachter verlassen, die Zollformalit\u00e4ten erledig haben, sind wir auf einmal in S\u00fcdamerika. Das Gute daran ist das wir in Uruguay gelandet sind.<\/p>\n<p>Uruguay ist nicht gerade der gr\u00f6sste Staat in S\u00fcdamerika, aber ich glaube der Liebevollste. Die Menschen hier sind sehr entspannt, jeder zweite l\u00e4uft mit seiner Thermoskanne und dem obligatorischen Trinkgef\u00e4\u00df f\u00fcr Mate-Tee herum. Das bedeutet, jeder zweite Uruguayaner hat nur eine Hand frei. Damit lassen sich nur eingeschr\u00e4nkt irgendwelche T\u00e4tigkeiten erledigen. Also l\u00e4sst&#8217;s man lieber. Man hat daf\u00fcr den Kopf frei zum denken und dichten. So ist der Uru an sich ein Freigeist. Er liest, schreibt (geht mit einer Hand) und diskutiert mit Freunden \u00fcber vergangene Zeiten. Ja &#8211; Uruguay war einmal unheimlich reich. Rindfleischexporte haben so manche kleine M\u00e4nner zu grossen M\u00e4nner gemacht. Montevideo ist voll von unheimlich sch\u00f6nen alten H\u00e4usern, stattliche Villen und vielen gr\u00fcnen Parks. Doch viele sind nur noch Fassaden. \u00dcberall br\u00f6ckelt der Putz und es regnet durch eingest\u00fcrzte D\u00e4cher. Aber an einigen Ecken haben sich einige Bauherren und Architekten darangemacht diese Schmuckst\u00fccke zu renovieren und damit zu erhalten. F\u00fcr mich ist Montevideo wie Bamberg. Beide haben gegen\u00fcber anderen St\u00e4dten ihre eigene Geschwindigkeit, sind beliebt bei Besuchern und werden von ihren Bewohnern beh\u00fctet. Ok &#8211; Montevideo ist ein wenig gr\u00f6\u00dfer als Bamberg, daf\u00fcr ist in Bamberg entschieden mehr los. Wir sind am 3. Adventssamstag durch die Fu\u00dfg\u00e4ngerzone in Montevideo gelaufen. Wir waren alleine. Die Gesch\u00e4fte hatten teilweise offen und es war kein Weihnachtstrubel zu sp\u00fcren &#8211; wie bei uns! Da denkt sich der Europ\u00e4er auch seinen Teil &#8211; wir laufen dem gro\u00dfen Rad hinterher und wollen eine ewige Spirale der Konjunktur und des Wachstums befriedigen &#8211; f\u00fcr den Uruguayaner geht&#8217;s einfach auf Weihnachten zu. Nicht das hier das Fest nicht gew\u00fcrdigt und gefeiert werden w\u00fcrde &#8211; nein es IST einfach Weihnachten &#8211; mehr nicht. Nat\u00fcrlich besitzt diese Stadt auch &#8222;Shoppingcenter&#8220; mit allen Gesch\u00e4ften die wir auch haben. Aber die Menschen kommen, schauen, kaufen ein und &#8211; geniessen die klimatisierte Atmosph\u00e4re mit ca. 20 Grad, w\u00e4hrend draussen ungef\u00e4hr 40 Grad herrschen. Dann trinken sie ihren (mitgebrachten) Mate-Tee und gehen wieder. M\u00fcssen ja noch mit Freunden dar\u00fcber reden.<\/p>\n<p>Wenn der Uru mit seinen Freunden reden m\u00f6chte, dann braucht er dazu Feuer. Tja, und wenn schon mal Feuer da ist kann man(n) &#8211; und nur MANN, Fleisch darauf brutzeln. Die St\u00fccke werden in einer bestimmten Reihenfolge &#8211; die f\u00fcr Europ\u00e4er kaum nachvollziehbar ist &#8211; auf den Grill gelegt. Das nennt sich dann Asado. Und die S\u00fcdamerikaner lieben Asado. Praktischerweise haben sie auch das beste Rindfleisch daf\u00fcr. Wir haben in Montevideo den Test gemacht und sind in eine alte Markthalle am Hafen, die jetzt Restaurants beherbergt, zum Essen eingekehrt. Dort lodern richtige Holzfeuer und es reihen sich Fleischberge auf. Und &#8211; es schmeckt richtig gut. Keine Abzocke wie man es erwarten k\u00f6nnte, da sich hier viele Touris herumtreiben. Beim genaueren hinsehen bemerkt man auch viele Einheimische die mit Freunden zum Essen hier sind. (Ich vermute, die haben zu Hause einen Balkon auf dem sie kein Feuer sch\u00fcren d\u00fcrfen &#8211; oder sind von der Arbeit direkt hergekommen.)<\/p>\n<p>Wir stellen fest &#8211; Montevideo &#8211; du bist uns sympatisch &#8211; dich besuchen wir bestimmt \u00f6fter.<\/p>\n<p>&nbsp;<\/p>\n<p>F\u00fcr uns geht die Reise jedoch erst mal weiter &#8211; Richtung Colonia di Sacramento. Vorn dort wollen wir mit der F\u00e4hre nach Buenos Aires. Auf dem Weg dorthin f\u00fchrt die Stra\u00dfe durch gr\u00fcne Felder und landwirtschaftlich genutztes Gebiet. Es werden K\u00e4se und Milchprodukte direkt an der Stra\u00dfe angeboten, denn ein paar Schweizer haben sich Anfang des vorherigen Jahrhunderts hier niedergelassen. \u00dcberhaupt liest man viele, europ\u00e4isch klingende Namen auf den Schildern. Uruguay war ein wichtiges Einwanderungsland. Es hat auch mehr Rinder als Einwohner. Und inzwischen auch mehr Schafe.<\/p>\n<p>&nbsp;<\/p>\n<p>Wir heben uns dieses liebenswerte Land f\u00fcr eine sp\u00e4tere Entdeckungsreise auf.<\/p>\n","protected":false},"excerpt":{"rendered":"<p>Nachdem wir in Montevideo unseren Frachter verlassen, die Zollformalit\u00e4ten erledig haben, sind wir auf einmal in S\u00fcdamerika. Das Gute daran ist das wir in Uruguay gelandet sind. Uruguay ist nicht gerade der gr\u00f6sste Staat in S\u00fcdamerika, aber ich glaube der Liebevollste. Die Menschen hier sind sehr entspannt, jeder zweite l\u00e4uft mit seiner Thermoskanne und dem [&hellip;]<\/p>\n","protected":false},"author":1,"featured_media":0,"parent":225,"menu_order":0,"comment_status":"open","ping_status":"open","template":"","meta":{"spay_email":""},"jetpack_sharing_enabled":true,"jetpack_shortlink":"https:\/\/wp.me\/P6huce-9y","jetpack-related-posts":[{"id":57,"url":"http:\/\/my-alps.de\/?page_id=57","url_meta":{"origin":592,"position":0},"title":"&#8230;und &#8211; wie kommt man am Besten hin?","date":"11. Februar 2013","format":false,"excerpt":"..das ist die Frage die uns ziemlich lange besch\u00e4ftigt hat, aber, am 22.10.2013 geht es mit dem Schiff von Hamburg nach Uruguay in den Hafen von Montevideo. Wir haben ziemlich viele Reiseberichte aus dem S\u00fcdamerika Forum durchgelesen und uns \u00fcberlegt ob wir unser Wohnmobil alleine verschiffen und hinterherfliegen - oder\u2026","rel":"","context":"\u00c4hnlicher Beitrag","img":{"alt_text":"","src":"","width":0,"height":0},"classes":[]},{"id":789,"url":"http:\/\/my-alps.de\/?page_id=789","url_meta":{"origin":592,"position":1},"title":"BIMOBIL VL 326","date":"4. M\u00e4rz 2014","format":false,"excerpt":"F\u00fcr Interessierte stelle ich mal ein paar Fakten von unserem mobilen Heim zu Verf\u00fcgung. Eventuell tr\u00e4gt sich ja jemand mit dem Gedanken auch f\u00fcr l\u00e4ngere Zeit mit dem WOMO zu verreisen. Und gute Tipps kann man(n) ja immer gut gebrauchen. Wie ich auf unserer Startseite schon geschrieben hatte, sind wir\u2026","rel":"","context":"Mit 4 Kommentaren","img":{"alt_text":"","src":"https:\/\/i0.wp.com\/my-alps.de\/wp-content\/uploads\/2014\/03\/Powerschrank.jpg?resize=350%2C200","width":350,"height":200},"classes":[]},{"id":466,"url":"http:\/\/my-alps.de\/?page_id=466","url_meta":{"origin":592,"position":2},"title":"Auf See mit der Grande Cameroon","date":"17. Dezember 2013","format":false,"excerpt":"Was macht man denn 30 Tage auf einem Frachter? \u00a0 \u201eSie\u201c schreibt dazu: \u00a0 Diese Frage h\u00f6rten wir sehr oft in diesem Jahr. Ist es doch im Rahmen der normalen 30-Tage-Jahresurlaub-B\u00fcrger wie auch wir es bisher waren, UN VOR STELL BAR, derart die Zeit zu verbringen. Ich hatte damit kein\u2026","rel":"","context":"\u00c4hnlicher Beitrag","img":{"alt_text":"","src":"https:\/\/i0.wp.com\/my-alps.de\/wp-content\/uploads\/2013\/12\/Freideck.jpg?resize=350%2C200","width":350,"height":200},"classes":[]},{"id":1203,"url":"http:\/\/my-alps.de\/?page_id=1203","url_meta":{"origin":592,"position":3},"title":"&#8230;wir, der Grund und unser WOMO","date":"4. Juni 2014","format":false,"excerpt":"\u00a0 Hallo - und ein herzliches \"Servus\" auf unserer Homepage die unsere Verbindung nach \"Zu Hause\" bleiben soll. Wir beide haben uns entschlossen dem regul\u00e4ren Arbeitsleben in Deutschland f\u00fcr eine Weile den R\u00fccken zu kehren und unseren Traum von einer Auszeit Realit\u00e4t werden zu lassen. Und weil wir \"weg\" wollten\u2026","rel":"","context":"\u00c4hnlicher Beitrag","img":{"alt_text":"","src":"https:\/\/i0.wp.com\/my-alps.de\/wp-content\/uploads\/2013\/02\/Unser-Bimobil-genannt-Boomer.jpg?resize=350%2C200","width":350,"height":200},"classes":[]},{"id":533,"url":"http:\/\/my-alps.de\/?page_id=533","url_meta":{"origin":592,"position":4},"title":"Gaiman und die Grillmeister","date":"7. Januar 2014","format":false,"excerpt":"Gaiman - das \u00fcberrascht wir hatten nicht viel gelesen \u00fcber dieses kleine walisische \u00d6rtchen - es sollte nichts besonderes sein und nur eine Nacht als Schlafplatz dienen. Kleine walisische D\u00f6rfer sind aber irgendwie - anders. Die H\u00e4uschen sind putzig und laden alle zum Tee, und dann landen wir auf einmal\u2026","rel":"","context":"\u00c4hnlicher Beitrag","img":{"alt_text":"","src":"","width":0,"height":0},"classes":[]},{"id":2,"url":"http:\/\/my-alps.de\/?page_id=2","url_meta":{"origin":592,"position":5},"title":"C &#038; A","date":"26. Januar 2013","format":false,"excerpt":"Reiseerlebnisse zum nachlesen gibt es auf unserem Blog:Einfach durch die Schlagwortwolke klicken und st\u00f6bern! \"RR\" (ReiseRes\u00fcmee) Nachdem unsere S\u00fcdamerika Reise jetzt schon \"Vergangenheit\" ist, bleibt Zeit um ein Res\u00fcmee zu ziehen.Ein Jahr als Reisende unterwegs zu sein hat uns schon ver\u00e4ndert und den Blick f\u00fcr wesentliches und unwichtiges gesch\u00e4rft.So lautet\u2026","rel":"","context":"Mit 2 Kommentaren","img":{"alt_text":"","src":"https:\/\/i0.wp.com\/my-alps.de\/wp-content\/uploads\/2013\/01\/Bullauge-12x12.jpg?resize=350%2C200","width":350,"height":200},"classes":[]}],"_links":{"self":[{"href":"http:\/\/my-alps.de\/index.php?rest_route=\/wp\/v2\/pages\/592"}],"collection":[{"href":"http:\/\/my-alps.de\/index.php?rest_route=\/wp\/v2\/pages"}],"about":[{"href":"http:\/\/my-alps.de\/index.php?rest_route=\/wp\/v2\/types\/page"}],"author":[{"embeddable":true,"href":"http:\/\/my-alps.de\/index.php?rest_route=\/wp\/v2\/users\/1"}],"replies":[{"embeddable":true,"href":"http:\/\/my-alps.de\/index.php?rest_route=%2Fwp%2Fv2%2Fcomments&post=592"}],"version-history":[{"count":2,"href":"http:\/\/my-alps.de\/index.php?rest_route=\/wp\/v2\/pages\/592\/revisions"}],"predecessor-version":[{"id":599,"href":"http:\/\/my-alps.de\/index.php?rest_route=\/wp\/v2\/pages\/592\/revisions\/599"}],"up":[{"embeddable":true,"href":"http:\/\/my-alps.de\/index.php?rest_route=\/wp\/v2\/pages\/225"}],"wp:attachment":[{"href":"http:\/\/my-alps.de\/index.php?rest_route=%2Fwp%2Fv2%2Fmedia&parent=592"}],"curies":[{"name":"wp","href":"https:\/\/api.w.org\/{rel}","templated":true}]}}