{"id":39,"date":"2013-02-11T13:05:40","date_gmt":"2013-02-11T12:05:40","guid":{"rendered":"http:\/\/my-alps.de\/?page_id=39"},"modified":"2021-03-19T13:25:14","modified_gmt":"2021-03-19T12:25:14","slug":"reisevorbereitung","status":"publish","type":"page","link":"http:\/\/my-alps.de\/?page_id=39","title":{"rendered":"S\u00fcdamerika? &#8211; wieso &#8211; weshalb &#8211; warum"},"content":{"rendered":"<p>Auf der Suche nach dem Ziel f\u00fcr unsere Auszeit haben wir uns f\u00fcr&nbsp;S\u00dcDAMERIKA entschieden. F\u00fcr mich ist es schon immer ein lang gehegter Wunsch nach Patagonien zu reisen.<\/p>\n\n\n<p><\/p>\n","protected":false},"excerpt":{"rendered":"<p>Auf der Suche nach dem Ziel f\u00fcr unsere Auszeit haben wir uns f\u00fcr&nbsp;S\u00dcDAMERIKA entschieden. F\u00fcr mich ist es schon immer ein lang gehegter Wunsch nach Patagonien zu reisen.<\/p>\n","protected":false},"author":1,"featured_media":0,"parent":0,"menu_order":0,"comment_status":"open","ping_status":"open","template":"","meta":{"spay_email":""},"jetpack_sharing_enabled":true,"jetpack_shortlink":"https:\/\/wp.me\/P6huce-D","jetpack-related-posts":[{"id":57,"url":"http:\/\/my-alps.de\/?page_id=57","url_meta":{"origin":39,"position":0},"title":"&#8230;und &#8211; wie kommt man am Besten hin?","date":"11. Februar 2013","format":false,"excerpt":"..das ist die Frage die uns ziemlich lange besch\u00e4ftigt hat, aber, am 22.10.2013 geht es mit dem Schiff von Hamburg nach Uruguay in den Hafen von Montevideo. Wir haben ziemlich viele Reiseberichte aus dem S\u00fcdamerika Forum durchgelesen und uns \u00fcberlegt ob wir unser Wohnmobil alleine verschiffen und hinterherfliegen - oder\u2026","rel":"","context":"\u00c4hnlicher Beitrag","img":{"alt_text":"","src":"","width":0,"height":0},"classes":[]},{"id":592,"url":"http:\/\/my-alps.de\/?page_id=592","url_meta":{"origin":39,"position":1},"title":"Uruguay und Montevideo","date":"27. Januar 2014","format":false,"excerpt":"Nachdem wir in Montevideo unseren Frachter verlassen, die Zollformalit\u00e4ten erledig haben, sind wir auf einmal in S\u00fcdamerika. Das Gute daran ist das wir in Uruguay gelandet sind. Uruguay ist nicht gerade der gr\u00f6sste Staat in S\u00fcdamerika, aber ich glaube der Liebevollste. Die Menschen hier sind sehr entspannt, jeder zweite l\u00e4uft\u2026","rel":"","context":"\u00c4hnlicher Beitrag","img":{"alt_text":"","src":"","width":0,"height":0},"classes":[]},{"id":2,"url":"http:\/\/my-alps.de\/?page_id=2","url_meta":{"origin":39,"position":2},"title":"C &#038; A","date":"26. Januar 2013","format":false,"excerpt":"Reiseerlebnisse zum nachlesen gibt es auf unserem Blog:Einfach durch die Schlagwortwolke klicken und st\u00f6bern! \"RR\" (ReiseRes\u00fcmee) Nachdem unsere S\u00fcdamerika Reise jetzt schon \"Vergangenheit\" ist, bleibt Zeit um ein Res\u00fcmee zu ziehen.Ein Jahr als Reisende unterwegs zu sein hat uns schon ver\u00e4ndert und den Blick f\u00fcr wesentliches und unwichtiges gesch\u00e4rft.So lautet\u2026","rel":"","context":"Mit 2 Kommentaren","img":{"alt_text":"","src":"https:\/\/i0.wp.com\/my-alps.de\/wp-content\/uploads\/2013\/01\/Bullauge-12x12.jpg?resize=350%2C200","width":350,"height":200},"classes":[]},{"id":789,"url":"http:\/\/my-alps.de\/?page_id=789","url_meta":{"origin":39,"position":3},"title":"BIMOBIL VL 326","date":"4. M\u00e4rz 2014","format":false,"excerpt":"F\u00fcr Interessierte stelle ich mal ein paar Fakten von unserem mobilen Heim zu Verf\u00fcgung. Eventuell tr\u00e4gt sich ja jemand mit dem Gedanken auch f\u00fcr l\u00e4ngere Zeit mit dem WOMO zu verreisen. Und gute Tipps kann man(n) ja immer gut gebrauchen. Wie ich auf unserer Startseite schon geschrieben hatte, sind wir\u2026","rel":"","context":"Mit 4 Kommentaren","img":{"alt_text":"","src":"https:\/\/i0.wp.com\/my-alps.de\/wp-content\/uploads\/2014\/03\/Powerschrank.jpg?resize=350%2C200","width":350,"height":200},"classes":[]},{"id":466,"url":"http:\/\/my-alps.de\/?page_id=466","url_meta":{"origin":39,"position":4},"title":"Auf See mit der Grande Cameroon","date":"17. Dezember 2013","format":false,"excerpt":"Was macht man denn 30 Tage auf einem Frachter? \u00a0 \u201eSie\u201c schreibt dazu: \u00a0 Diese Frage h\u00f6rten wir sehr oft in diesem Jahr. Ist es doch im Rahmen der normalen 30-Tage-Jahresurlaub-B\u00fcrger wie auch wir es bisher waren, UN VOR STELL BAR, derart die Zeit zu verbringen. Ich hatte damit kein\u2026","rel":"","context":"\u00c4hnlicher Beitrag","img":{"alt_text":"","src":"https:\/\/i0.wp.com\/my-alps.de\/wp-content\/uploads\/2013\/12\/Freideck.jpg?resize=350%2C200","width":350,"height":200},"classes":[]},{"id":1203,"url":"http:\/\/my-alps.de\/?page_id=1203","url_meta":{"origin":39,"position":5},"title":"&#8230;wir, der Grund und unser WOMO","date":"4. Juni 2014","format":false,"excerpt":"\u00a0 Hallo - und ein herzliches \"Servus\" auf unserer Homepage die unsere Verbindung nach \"Zu Hause\" bleiben soll. Wir beide haben uns entschlossen dem regul\u00e4ren Arbeitsleben in Deutschland f\u00fcr eine Weile den R\u00fccken zu kehren und unseren Traum von einer Auszeit Realit\u00e4t werden zu lassen. Und weil wir \"weg\" wollten\u2026","rel":"","context":"\u00c4hnlicher Beitrag","img":{"alt_text":"","src":"https:\/\/i0.wp.com\/my-alps.de\/wp-content\/uploads\/2013\/02\/Unser-Bimobil-genannt-Boomer.jpg?resize=350%2C200","width":350,"height":200},"classes":[]}],"_links":{"self":[{"href":"http:\/\/my-alps.de\/index.php?rest_route=\/wp\/v2\/pages\/39"}],"collection":[{"href":"http:\/\/my-alps.de\/index.php?rest_route=\/wp\/v2\/pages"}],"about":[{"href":"http:\/\/my-alps.de\/index.php?rest_route=\/wp\/v2\/types\/page"}],"author":[{"embeddable":true,"href":"http:\/\/my-alps.de\/index.php?rest_route=\/wp\/v2\/users\/1"}],"replies":[{"embeddable":true,"href":"http:\/\/my-alps.de\/index.php?rest_route=%2Fwp%2Fv2%2Fcomments&post=39"}],"version-history":[{"count":9,"href":"http:\/\/my-alps.de\/index.php?rest_route=\/wp\/v2\/pages\/39\/revisions"}],"predecessor-version":[{"id":1952,"href":"http:\/\/my-alps.de\/index.php?rest_route=\/wp\/v2\/pages\/39\/revisions\/1952"}],"wp:attachment":[{"href":"http:\/\/my-alps.de\/index.php?rest_route=%2Fwp%2Fv2%2Fmedia&parent=39"}],"curies":[{"name":"wp","href":"https:\/\/api.w.org\/{rel}","templated":true}]}}