{"id":1203,"date":"2014-06-04T21:48:37","date_gmt":"2014-06-04T19:48:37","guid":{"rendered":"http:\/\/my-alps.de\/?page_id=1203"},"modified":"2015-06-03T16:53:46","modified_gmt":"2015-06-03T14:53:46","slug":"wir","status":"publish","type":"page","link":"http:\/\/my-alps.de\/?page_id=1203","title":{"rendered":"&#8230;wir, der Grund und unser WOMO"},"content":{"rendered":"<p>&nbsp;<\/p>\n<p>Hallo &#8211; und ein herzliches &#8222;Servus&#8220; auf unserer Homepage die unsere Verbindung nach &#8222;Zu Hause&#8220; bleiben soll. Wir beide haben uns entschlossen dem regul\u00e4ren Arbeitsleben in Deutschland f\u00fcr eine Weile den R\u00fccken zu kehren und unseren Traum von einer Auszeit Realit\u00e4t werden zu lassen.<br \/>\nUnd weil wir &#8222;weg&#8220; wollten haben wir uns<br \/>\ngleich &#8222;richtig weit weg&#8220; vorgenommen<br \/>\n&#8211; es soll Patagonien sein.<br \/>\nUnd dann haben wir uns gedacht:<br \/>\n&#8222;Wenn wir schon ganz da unten sind,<br \/>\n&#8211; dann k\u00f6nnen wir auch nach ganz oben&#8220;<br \/>\nSo hat sich w\u00e4hrend der Planung der Reise die &#8222;Panamerikana&#8220; herauskristallisiert. Wir werden uns nicht strikt an den Routenverlauf halten, denn uns interessiert auch was abseits der Strecke vorgeht und welche Menschen wir dort kennenlernen.<\/p>\n<p><a title=\"\u2026wir, der Grund und unser WOMO\" href=\"http:\/\/my-alps.de\/?page_id=1203\">Mehr Info&#8217;s? \u00a0<\/a>Hier geht es los&#8230;&#8230;..<\/p>\n<p>Annette Hack ist Wirtschaftsmediatorin und ein richtiges Organisationstalent f\u00fcr alles was man sich vorstellen kann.<br \/>\nSachen besorgen, Leute bequatschen und davon \u00fcberzeugen das sie das jetzt unbedingt f\u00fcr sie erledigen m\u00fcssen&#8230;. Man kann also gewaltfrei mit ihr dar\u00fcber kommunizieren in welche Kneipe man gleich geht.<br \/>\nClaus Tr\u00fcbenbach arbeitet als Architekt und Plaiboifotograf,<br \/>\nhat zudem noch ein Packdiplom &#8211; d.h. er findet immer noch ein Eckchen wo man Sachen verstecken und dann vergessen kann.<\/p>\n<p>Am 22.10.2013 geht unser Schiff (Grimaldi Lines) von Hamburg nach Montevideo. (Link zu:\u00a0<a title=\"Auf See mit der Grande Cameroon\" href=\"http:\/\/my-alps.de\/?page_id=466\">Auf See mit der Grande Cameroon<\/a>)<\/p>\n<p><a href=\"https:\/\/i0.wp.com\/my-alps.de\/wp-content\/uploads\/2013\/02\/Wasser-am-Monte-Cinto.jpg\"><img loading=\"lazy\" title=\"Wasserschleier\" src=\"https:\/\/i0.wp.com\/my-alps.de\/wp-content\/uploads\/2013\/02\/Wasser-am-Monte-Cinto.jpg?resize=600%2C198\" alt=\"\" width=\"600\" height=\"198\" data-recalc-dims=\"1\" \/><\/a><\/p>\n<p>W\u00e4hrend den Vorbereitungen f\u00fcr unsere Auszeit &#8222;fliesst ziemlich viel Wasser den Main &#8218;runter&#8220; &#8211; wie der Franke zu sagen pflegt wenn&#8217;s mal wieder l\u00e4nger dauert.<br \/>\nDie Umsetzung nimmt wirklich viel Zeit in Anspruch &#8211; angefangen damit, das man dem Finanzamt klarmachen muss, das man als Selbstst\u00e4ndiger in der n\u00e4chsten Zeit keine Eink\u00fcnfte haben wird &#8211; bis zu den Gedanken an die Wohnungsaufl\u00f6sung oder diese an liebe Menschen unterzuvermieten.<br \/>\nAber wir haben uns dazu entschlossen unser Soziales Netz ein wenig zu lockern und einfacher zu leben &#8211; also nicht nur Campingurlaub f\u00fcr eine l\u00e4ngere Zeit, sondern auch so zu leben.<\/p>\n<p>Der Aufkleber dieser:<\/p>\n<div>\n<dl id=\"attachment_84\">\n<dt><a href=\"https:\/\/i0.wp.com\/my-alps.de\/wp-content\/uploads\/2013\/02\/patagonia-live-simply-II.jpg\"><img loading=\"lazy\" title=\"patagonia - live simply-II\" src=\"https:\/\/i0.wp.com\/my-alps.de\/wp-content\/uploads\/2013\/02\/patagonia-live-simply-II.jpg?resize=260%2C172\" alt=\"F\u00fcr Yvon Chouinard\" width=\"260\" height=\"172\" data-recalc-dims=\"1\" \/><\/a><\/dt>\n<dd>Lieber Yvon Chouinard<br \/>\nich hoffe du nimmst es mir nicht \u00fcbel das ich den Aufkleber deiner Firma auf meiner Webseite verwende &#8211; aber ich habe in den letzten 25 Jahren genug Klamotten bei dir gekauft &#8211; da habe ich mir gedacht &#8211; das geht schon in Ordnung.<br \/>\nVielen Dank<br \/>\n(und wir besuchen dich dann mal in Ventura)<br \/>\nAllen anderen empfehle ich die Lebensgeschichte von Yvon mal nachzulesen&#8230;&#8230;<\/dd>\n<\/dl>\n<\/div>\n<p>Bekleidungsmarke war unser Ansto\u00df und unser Ziel. Okay &#8211; das mit dem 1er Golf haben wir gleich wieder verworfen und zu Fu\u00df oder mit dem Fahrrad wollten wir auch nicht unterwegs sein. Wir entschieden uns f\u00fcr einen fahrbaren Untersatz und machten uns auf die Suche nach dem &#8222;idealen&#8220; Gef\u00e4hrt. Ich hatte 2 VW-Busse und war schon zimlich weit damit gekommen &#8211; aber es sollte schon etwas gel\u00e4ndeg\u00e4ngig sein. Landy 110? &#8211; f\u00fcr mich kultig aber f\u00fcr Frau Hack zu wenig Platz. Hat sie ja auch recht &#8211; schlie\u00dflich lebt man f\u00fcr mehr als ein Jahr darin zusammen und innerhalb eines Jahres regnet es bestimmt mal&#8230;&#8230;&#8230;.<\/p>\n<p>Das mit dem Landy konnte ich mir also (erstmal) abschminken. Ich brachte ziemlich viele Zeitschriften mit nach Hause und st\u00f6berte diverse Internetseiten durch. Nach und nach d\u00e4mmerte es mir das unser &#8222;Gef\u00e4hrt&#8220; nicht nur Schlafstatt und Kochnische haben sollte, sondern auch gen\u00fcgend Stauraum und sonstigen Platz. (Denn wenn wir die ganze Zeit herumr\u00e4umen m\u00fcssten &#8211; nach 4 Wochen w\u00fcrde ich garantiert nichts mehr finden.) Allrad w\u00e4hre sicher von Vorteil &#8211; und ein gro\u00dfer Tank auch. Ich zog schlie\u00dflich einen Strich &#8218;drunter und hatte 3 Optionen:<br \/>\n1. Ein Iveco mit Kabine von Bimobil<br \/>\n2. Ein Mercedes Sprinter mit Kabine von W\u00f6lke<br \/>\n3. Ein Toyota HZJ 79 mit einem Aufbau<br \/>\nOh je &#8211; alle hatten nur Vorteile und die Preise waren &#8211; sagen wir mal &#8211; sportlich. Eigentlich zog es mich am liebsten zum Bimobil hin und auf der Abenteuer Allrad in Bad Kissingen sahen wir auch unser &#8222;Traumgef\u00e4hrt&#8220;. Hmmm das Ding h\u00e4tten wir uns schon kaufen k\u00f6nnen &#8211; aber mit der Auszeit w\u00e4r&#8217;s dann nichts mehr geworden. Also wussten wir wenigstens was wir wollten und suchten dann nach dem was sinnvoll w\u00e4re. Bei mobile.de sind solche Dinger wirklich Mangelware &#8211; oder einfach utopisch teuer. Aber &#8211; wir hatten Gl\u00fcck:<\/p>\n<p>&nbsp;<\/p>\n<div>\n<dl id=\"attachment_89\">\n<dt><a href=\"https:\/\/i0.wp.com\/my-alps.de\/wp-content\/uploads\/2013\/02\/Unser-Bimobil-genannt-Boomer.jpg\"><img loading=\"lazy\" title=\"Unser Bimobil - genannt Boomer\" src=\"https:\/\/i0.wp.com\/my-alps.de\/wp-content\/uploads\/2013\/02\/Unser-Bimobil-genannt-Boomer.jpg?resize=400%2C263\" alt=\"\" width=\"400\" height=\"263\" data-recalc-dims=\"1\" \/><\/a><\/dt>\n<dd>Mit tatkr\u00e4ftiger Unterst\u00fctzung von Hr. Lohmann von ORTHOS-Mobile und Hr. M\u00fcller von RELLEUM-Design wird unser &#8222;H\u00e4uschen&#8220; reisefertig gemacht.<\/dd>\n<\/dl>\n<\/div>\n<p>Also &#8211; das w\u00e4re unser mobiles Heim &#8211; nicht zu gro\u00df und nicht zu klein. Trotzdem mit allem notwendigen ausgestattet was man so braucht. Zur Zeit sind wir dar\u00fcber es komplett &#8222;Fernreisetauglich&#8220; zumachen &#8211; mit Zusatztank, Alu-Gas, und HPR &#8211; Aufr\u00fcstung, sowie einem Ersatzradtr\u00e4ger den man wegschwenken kann, weil sich die Heckklappe hinten \u00f6ffnen l\u00e4sst.<\/p>\n<p>&nbsp;<\/p>\n<p>Bleibt noch Zeit um Dinge zu tun die wir auf alle F\u00e4lle\u00a0vor\u00a0unserer Abreise erlebt haben wollen.<\/p>\n","protected":false},"excerpt":{"rendered":"<p>&nbsp; Hallo &#8211; und ein herzliches &#8222;Servus&#8220; auf unserer Homepage die unsere Verbindung nach &#8222;Zu Hause&#8220; bleiben soll. Wir beide haben uns entschlossen dem regul\u00e4ren Arbeitsleben in Deutschland f\u00fcr eine Weile den R\u00fccken zu kehren und unseren Traum von einer Auszeit Realit\u00e4t werden zu lassen. Und weil wir &#8222;weg&#8220; wollten haben wir uns gleich &#8222;richtig [&hellip;]<\/p>\n","protected":false},"author":1,"featured_media":0,"parent":2,"menu_order":0,"comment_status":"open","ping_status":"open","template":"page-templates\/full-width.php","meta":{"spay_email":""},"jetpack_sharing_enabled":true,"jetpack_shortlink":"https:\/\/wp.me\/P6huce-jp","jetpack-related-posts":[{"id":592,"url":"http:\/\/my-alps.de\/?page_id=592","url_meta":{"origin":1203,"position":0},"title":"Uruguay und Montevideo","date":"27. Januar 2014","format":false,"excerpt":"Nachdem wir in Montevideo unseren Frachter verlassen, die Zollformalit\u00e4ten erledig haben, sind wir auf einmal in S\u00fcdamerika. Das Gute daran ist das wir in Uruguay gelandet sind. Uruguay ist nicht gerade der gr\u00f6sste Staat in S\u00fcdamerika, aber ich glaube der Liebevollste. Die Menschen hier sind sehr entspannt, jeder zweite l\u00e4uft\u2026","rel":"","context":"\u00c4hnlicher Beitrag","img":{"alt_text":"","src":"","width":0,"height":0},"classes":[]},{"id":2,"url":"http:\/\/my-alps.de\/?page_id=2","url_meta":{"origin":1203,"position":1},"title":"C &#038; A","date":"26. Januar 2013","format":false,"excerpt":"Reiseerlebnisse zum nachlesen gibt es auf unserem Blog:Einfach durch die Schlagwortwolke klicken und st\u00f6bern! \"RR\" (ReiseRes\u00fcmee) Nachdem unsere S\u00fcdamerika Reise jetzt schon \"Vergangenheit\" ist, bleibt Zeit um ein Res\u00fcmee zu ziehen.Ein Jahr als Reisende unterwegs zu sein hat uns schon ver\u00e4ndert und den Blick f\u00fcr wesentliches und unwichtiges gesch\u00e4rft.So lautet\u2026","rel":"","context":"Mit 2 Kommentaren","img":{"alt_text":"","src":"https:\/\/i0.wp.com\/my-alps.de\/wp-content\/uploads\/2013\/01\/Bullauge-12x12.jpg?resize=350%2C200","width":350,"height":200},"classes":[]},{"id":466,"url":"http:\/\/my-alps.de\/?page_id=466","url_meta":{"origin":1203,"position":2},"title":"Auf See mit der Grande Cameroon","date":"17. Dezember 2013","format":false,"excerpt":"Was macht man denn 30 Tage auf einem Frachter? \u00a0 \u201eSie\u201c schreibt dazu: \u00a0 Diese Frage h\u00f6rten wir sehr oft in diesem Jahr. Ist es doch im Rahmen der normalen 30-Tage-Jahresurlaub-B\u00fcrger wie auch wir es bisher waren, UN VOR STELL BAR, derart die Zeit zu verbringen. Ich hatte damit kein\u2026","rel":"","context":"\u00c4hnlicher Beitrag","img":{"alt_text":"","src":"https:\/\/i0.wp.com\/my-alps.de\/wp-content\/uploads\/2013\/12\/Freideck.jpg?resize=350%2C200","width":350,"height":200},"classes":[]},{"id":57,"url":"http:\/\/my-alps.de\/?page_id=57","url_meta":{"origin":1203,"position":3},"title":"&#8230;und &#8211; wie kommt man am Besten hin?","date":"11. Februar 2013","format":false,"excerpt":"..das ist die Frage die uns ziemlich lange besch\u00e4ftigt hat, aber, am 22.10.2013 geht es mit dem Schiff von Hamburg nach Uruguay in den Hafen von Montevideo. Wir haben ziemlich viele Reiseberichte aus dem S\u00fcdamerika Forum durchgelesen und uns \u00fcberlegt ob wir unser Wohnmobil alleine verschiffen und hinterherfliegen - oder\u2026","rel":"","context":"\u00c4hnlicher Beitrag","img":{"alt_text":"","src":"","width":0,"height":0},"classes":[]},{"id":789,"url":"http:\/\/my-alps.de\/?page_id=789","url_meta":{"origin":1203,"position":4},"title":"BIMOBIL VL 326","date":"4. M\u00e4rz 2014","format":false,"excerpt":"F\u00fcr Interessierte stelle ich mal ein paar Fakten von unserem mobilen Heim zu Verf\u00fcgung. Eventuell tr\u00e4gt sich ja jemand mit dem Gedanken auch f\u00fcr l\u00e4ngere Zeit mit dem WOMO zu verreisen. Und gute Tipps kann man(n) ja immer gut gebrauchen. Wie ich auf unserer Startseite schon geschrieben hatte, sind wir\u2026","rel":"","context":"Mit 4 Kommentaren","img":{"alt_text":"","src":"https:\/\/i0.wp.com\/my-alps.de\/wp-content\/uploads\/2014\/03\/Powerschrank.jpg?resize=350%2C200","width":350,"height":200},"classes":[]},{"id":533,"url":"http:\/\/my-alps.de\/?page_id=533","url_meta":{"origin":1203,"position":5},"title":"Gaiman und die Grillmeister","date":"7. Januar 2014","format":false,"excerpt":"Gaiman - das \u00fcberrascht wir hatten nicht viel gelesen \u00fcber dieses kleine walisische \u00d6rtchen - es sollte nichts besonderes sein und nur eine Nacht als Schlafplatz dienen. Kleine walisische D\u00f6rfer sind aber irgendwie - anders. Die H\u00e4uschen sind putzig und laden alle zum Tee, und dann landen wir auf einmal\u2026","rel":"","context":"\u00c4hnlicher Beitrag","img":{"alt_text":"","src":"","width":0,"height":0},"classes":[]}],"_links":{"self":[{"href":"http:\/\/my-alps.de\/index.php?rest_route=\/wp\/v2\/pages\/1203"}],"collection":[{"href":"http:\/\/my-alps.de\/index.php?rest_route=\/wp\/v2\/pages"}],"about":[{"href":"http:\/\/my-alps.de\/index.php?rest_route=\/wp\/v2\/types\/page"}],"author":[{"embeddable":true,"href":"http:\/\/my-alps.de\/index.php?rest_route=\/wp\/v2\/users\/1"}],"replies":[{"embeddable":true,"href":"http:\/\/my-alps.de\/index.php?rest_route=%2Fwp%2Fv2%2Fcomments&post=1203"}],"version-history":[{"count":5,"href":"http:\/\/my-alps.de\/index.php?rest_route=\/wp\/v2\/pages\/1203\/revisions"}],"predecessor-version":[{"id":1813,"href":"http:\/\/my-alps.de\/index.php?rest_route=\/wp\/v2\/pages\/1203\/revisions\/1813"}],"up":[{"embeddable":true,"href":"http:\/\/my-alps.de\/index.php?rest_route=\/wp\/v2\/pages\/2"}],"wp:attachment":[{"href":"http:\/\/my-alps.de\/index.php?rest_route=%2Fwp%2Fv2%2Fmedia&parent=1203"}],"curies":[{"name":"wp","href":"https:\/\/api.w.org\/{rel}","templated":true}]}}